{"id":5,"date":"2024-03-28T13:35:04","date_gmt":"2024-03-28T13:35:04","guid":{"rendered":"https:\/\/hortensfestivalen.no\/buffalosoldiers\/?page_id=5"},"modified":"2025-01-24T10:56:29","modified_gmt":"2025-01-24T10:56:29","slug":"vervenfestivalen-2025","status":"publish","type":"page","link":"https:\/\/hortensfestivalen.no\/buffalosoldiers\/vervenfestivalen-2025\/","title":{"rendered":"VERVENFESTIVALEN 2025"},"content":{"rendered":"<figure class=\"alignwide wp-block-post-featured-image\"><img loading=\"lazy\" decoding=\"async\" width=\"1200\" height=\"628\" src=\"https:\/\/hortensfestivalen.no\/buffalosoldiers\/wp-content\/uploads\/sites\/6\/2025\/01\/BuffaloSoldiers_FB.jpg\" class=\"attachment-post-thumbnail size-post-thumbnail wp-post-image\" alt=\"\" style=\"object-fit:cover;\" srcset=\"https:\/\/hortensfestivalen.no\/buffalosoldiers\/wp-content\/uploads\/sites\/6\/2025\/01\/BuffaloSoldiers_FB.jpg 1200w, https:\/\/hortensfestivalen.no\/buffalosoldiers\/wp-content\/uploads\/sites\/6\/2025\/01\/BuffaloSoldiers_FB-300x157.jpg 300w, https:\/\/hortensfestivalen.no\/buffalosoldiers\/wp-content\/uploads\/sites\/6\/2025\/01\/BuffaloSoldiers_FB-1024x536.jpg 1024w, https:\/\/hortensfestivalen.no\/buffalosoldiers\/wp-content\/uploads\/sites\/6\/2025\/01\/BuffaloSoldiers_FB-768x402.jpg 768w\" sizes=\"auto, (max-width: 1200px) 100vw, 1200px\" \/><\/figure>\n\n\n<div class=\"wp-block-group alignfull has-global-padding is-layout-constrained wp-container-core-group-is-layout-1 wp-block-group-is-layout-constrained\" style=\"margin-top:0;margin-bottom:0;padding-top:0;padding-right:var(--wp--preset--spacing--50);padding-bottom:0;padding-left:var(--wp--preset--spacing--50)\">\n<h1 class=\"wp-block-heading alignwide has-text-align-center\">BUFFALO SOLDIERS \u00c5PNER STRANDASCENEN P\u00c5 VERVENFESTIVALEN L\u00d8RDAG!<\/h1>\n\n\n\n<div style=\"height:50px\" aria-hidden=\"true\" class=\"wp-block-spacer\"><\/div>\n\n\n\n<div class=\"wp-block-columns alignwide is-layout-flex wp-container-core-columns-is-layout-1 wp-block-columns-is-layout-flex\">\n<div class=\"wp-block-column is-layout-flow wp-block-column-is-layout-flow\">\n<p class=\"has-large-font-size\">P\u00e5 l\u00f8rdag fylles strandascenen med reggae-vibber og ekte sommerstemning n\u00e5r Buffalo Soldiers inntar scenen. Bandet har gjort det til sitt varemerke \u00e5 hylle Bob Marley, en legende som ville fylt 80 \u00e5r i 2025, og det skal feires.<\/p>\n\n\n\n<p class=\"has-large-font-size\">Bandet, som best\u00e5r av ti dyktige og dedikerte musikere fra Horten, har lenge v\u00e6rt en publikumsfavoritt med sine energiske og fengende konserter. N\u00e5 er de klare for \u00e5 \u00e5pne festivalens mest unike scene \u2013 Strandascenen, hvor publikum kan f\u00e5 f\u00f8lelsen av \u00e5 v\u00e6re p\u00e5 en strand i Jamaica.<\/p>\n\n\n\n<p class=\"has-large-font-size\">Deres musikalske tolkninger av Marleys ikoniske l\u00e5ter har truffet en nerve hos publikum, og bandet har gjentatte ganger spilt for fulle hus. <br><\/p>\n<\/div>\n\n\n\n<div class=\"wp-block-column is-layout-flow wp-block-column-is-layout-flow\">\n<p>Dette blir Buffalo Soldiers\u2019 f\u00f8rste konsert i 2025, og forventningene er skyh\u00f8ye. Med sin smittende energi og musikalske presisjon lover de en uforglemmelig \u00e5pning av Strandascenen. B\u00e5de trofaste fans og nye publikummere kan glede seg til \u00e5 synge, danse og nyte reggaevibber i solnedgangen.<\/p>\n\n\n\n<p>Gj\u00f8r deg klar til en kveld som kombinerer Hortens stolte musikkhistorie med en smak av Jamaica. Vervenfestivalen 2025 blir en helg for historieb\u00f8kene.<\/p>\n\n\n\n<h3 class=\"wp-block-heading has-text-align-center has-custom-color-4-color has-text-color has-link-color has-large-font-size wp-elements-67f808c4e63e351374aff12f4ddadbbb\"><a href=\"https:\/\/vervenfestivalen.no\/billetter\/\" target=\"_blank\" rel=\"noreferrer noopener\"><strong>KJ\u00d8P BILLETTER TIL BUFFALO SOLDIERS <br>P\u00c5 VERVENFESTIVALEN HER!<\/strong><\/a><\/h3>\n<\/div>\n<\/div>\n<\/div>\n\n\n\n<div style=\"height:50px\" aria-hidden=\"true\" class=\"wp-block-spacer\"><\/div>\n\n\n\n<figure class=\"wp-block-image size-large\"><img loading=\"lazy\" decoding=\"async\" width=\"1024\" height=\"576\" src=\"https:\/\/hortensfestivalen.no\/buffalosoldiers\/wp-content\/uploads\/sites\/6\/2025\/01\/Buffalo-Jubilee-Band-Heading-1920-x-1080--1024x576.jpg\" alt=\"\" class=\"wp-image-270\" srcset=\"https:\/\/hortensfestivalen.no\/buffalosoldiers\/wp-content\/uploads\/sites\/6\/2025\/01\/Buffalo-Jubilee-Band-Heading-1920-x-1080--1024x576.jpg 1024w, https:\/\/hortensfestivalen.no\/buffalosoldiers\/wp-content\/uploads\/sites\/6\/2025\/01\/Buffalo-Jubilee-Band-Heading-1920-x-1080--300x169.jpg 300w, https:\/\/hortensfestivalen.no\/buffalosoldiers\/wp-content\/uploads\/sites\/6\/2025\/01\/Buffalo-Jubilee-Band-Heading-1920-x-1080--768x432.jpg 768w, https:\/\/hortensfestivalen.no\/buffalosoldiers\/wp-content\/uploads\/sites\/6\/2025\/01\/Buffalo-Jubilee-Band-Heading-1920-x-1080--1536x864.jpg 1536w, https:\/\/hortensfestivalen.no\/buffalosoldiers\/wp-content\/uploads\/sites\/6\/2025\/01\/Buffalo-Jubilee-Band-Heading-1920-x-1080-.jpg 1920w\" sizes=\"auto, (max-width: 1024px) 100vw, 1024px\" \/><\/figure>\n\n\n\n<p class=\"has-text-align-center has-custom-color-4-color has-text-color has-link-color wp-elements-c3d69a87710e504fa6a1b2eed79c582a\"><strong>Fra GJENGANGEREN 13. des. 2024<\/strong>   Av Bj\u00f8rn Nilsen<\/p>\n\n\n\n<div style=\"height:11px\" aria-hidden=\"true\" class=\"wp-block-spacer\"><\/div>\n\n\n\n<h1 class=\"wp-block-heading alignwide has-text-align-center\">Det er mye deilig musikk i denne glade gjengen: <br>Snart f\u00e5r du m\u00f8te dem p\u00e5 badestranda!<\/h1>\n\n\n\n<div style=\"height:44px\" aria-hidden=\"true\" class=\"wp-block-spacer\"><\/div>\n\n\n\n<div class=\"wp-block-columns alignwide has-custom-color-5-background-color has-background is-layout-flex wp-container-core-columns-is-layout-2 wp-block-columns-is-layout-flex\">\n<div class=\"wp-block-column is-layout-flow wp-block-column-is-layout-flow\">\n<h2 class=\"wp-block-heading\">Neste sommer er det 50 \u00e5r siden den f\u00f8rste utgaven av Hortensfestivalen ble arrangert. Det skal ogs\u00e5 markeres p\u00e5 Verven.<\/h2>\n\n\n\n<p class=\"has-large-font-size\"><em>Milep\u00e6len feires blant annet med en ekstra lang musikalsk opplevelse med Buffalo Soldiers \u2013 Hortensfestivalens eget Jubilee Reggae Band. Det skjer midt p\u00e5 dagen l\u00f8rdag 14. juni \u2013 nede p\u00e5 M\u00f8ringastranda under Verven-25.<\/em><\/p>\n\n\n\n<h2 class=\"wp-block-heading\">Sommervarm lokal reggae<\/h2>\n\n\n\n<p class=\"has-large-font-size\"><em>De er i aller h\u00f8yeste grad lokale \u2013 og de har truffet sitt publikum, ikke minst p\u00e5 hjemmebane. De som var p\u00e5 Redninga-konserten sist sommer kan underskrive p\u00e5 det. Det har festivalsjef Henrik Lysell og hans mannskap p\u00e5 Verven selvsagt f\u00e5tt med seg.<\/em><\/p>\n\n\n\n<p><strong>\u2013 Dette er bra, og det er i hvert fall det n\u00e6rmeste vi kommer Marley n\u00e5, sier festivalsjefen til Gjengangeren.<\/strong><\/p>\n\n\n\n<p class=\"has-ysabeau-office-font-family\"><em>\u2013 Buffalos musikalske tolkinger av Marley&#8217;s ikoniske l\u00e5ter har truffet en nerve hos folk, og bandet har gjentatte ganger spilt for fulle hus. Dette blir Buffalo Soldiers\u2019 f\u00f8rste konsert i 2025, og forventningene er skyh\u00f8ye, sier Henrik Lysell i en kommentar til lokalavisa.<\/em><\/p>\n\n\n\n<p class=\"has-large-font-size\"><em>Du m\u00e5 uansett komme deg opp av senga og inn p\u00e5 Verven tidlig p\u00e5 l\u00f8rran neste \u00e5r. Reggae-gjengen drar i gang mens formiddagssola steiker over Oslofjorden. En time tidligere enn vanlig \u00e5pningstid. Til gjengjeld blir settet lengre enn det andre artister f\u00e5r til r\u00e5dighet.<\/em><\/p>\n\n\n\n<p class=\"has-ysabeau-office-font-family\"><strong><em>Det er bare \u00e5 glede seg til en sommerdag med fengende reggae- og ska-rytmer, av den typen Bob Marley, Peps og Peter Tosh serverte oss for snart 50 \u00e5r siden.<\/em><\/strong><\/p>\n\n\n\n<figure class=\"wp-block-image size-large\"><img loading=\"lazy\" decoding=\"async\" width=\"1024\" height=\"768\" src=\"https:\/\/hortensfestivalen.no\/buffalosoldiers\/wp-content\/uploads\/sites\/6\/2025\/01\/Moringastranda-Vervenfestivalen-2023-1024x768.jpg\" alt=\"\" class=\"wp-image-432\" srcset=\"https:\/\/hortensfestivalen.no\/buffalosoldiers\/wp-content\/uploads\/sites\/6\/2025\/01\/Moringastranda-Vervenfestivalen-2023-1024x768.jpg 1024w, https:\/\/hortensfestivalen.no\/buffalosoldiers\/wp-content\/uploads\/sites\/6\/2025\/01\/Moringastranda-Vervenfestivalen-2023-300x225.jpg 300w, https:\/\/hortensfestivalen.no\/buffalosoldiers\/wp-content\/uploads\/sites\/6\/2025\/01\/Moringastranda-Vervenfestivalen-2023-768x576.jpg 768w, https:\/\/hortensfestivalen.no\/buffalosoldiers\/wp-content\/uploads\/sites\/6\/2025\/01\/Moringastranda-Vervenfestivalen-2023-1536x1152.jpg 1536w, https:\/\/hortensfestivalen.no\/buffalosoldiers\/wp-content\/uploads\/sites\/6\/2025\/01\/Moringastranda-Vervenfestivalen-2023.jpg 2000w\" sizes=\"auto, (max-width: 1024px) 100vw, 1024px\" \/><figcaption class=\"wp-element-caption\">I VANNET: Det blir &#8211; forh\u00e5pentligvis sol og varme &#8211; og deilig reggaemusikk i vannkanten. Foto: Gjengangeren<\/figcaption><\/figure>\n\n\n\n<h2 class=\"wp-block-heading\">Energiske konserter<\/h2>\n\n\n\n<p><em>Bandet st\u00e5r kvalitetsmessig godt rustet. Det kanskje viktigste er evnen til \u00e5 levere konserter med mye energi og mye engasjement. P\u00e5 scenen og ute blant publikum. Det er kanskje derfor de har blitt publikumsfavoritter p\u00e5 s\u00e5pass kort tid.<\/em><\/p>\n\n\n\n<p><strong><em>Musikken, som kombinerer klassiske reggae-elementer med langt mer moderne saker, appellerer s\u00e5nn sett til b\u00e5de gamle festivalgjengere og nye generasjoner. Det er ikke s\u00e5 mange lenger som leverer s\u00e5 utpreget rytmisk musikk som det Buffalo-soldatene gj\u00f8r.<\/em><\/strong><\/p>\n\n\n\n<p><em>\u2013 Vi er mange musikere, det gir et innholdsrikt og variert lydbilde, forteller bandleder Wictor Faanes.<\/em><\/p>\n\n\n\n<p><em>\u2013 Og s\u00e5 har vi et ganske omfattende repertoar. Det blir lange sett av det. P\u00e5 Verven to timer midt p\u00e5 dagen.<\/em><\/p>\n<\/div>\n\n\n\n<div class=\"wp-block-column is-layout-flow wp-block-column-is-layout-flow\">\n<figure class=\"wp-block-image size-large\"><img loading=\"lazy\" decoding=\"async\" width=\"1024\" height=\"633\" src=\"https:\/\/hortensfestivalen.no\/buffalosoldiers\/wp-content\/uploads\/sites\/6\/2025\/01\/DSC_6756-1024x633.jpg\" alt=\"\" class=\"wp-image-435\" srcset=\"https:\/\/hortensfestivalen.no\/buffalosoldiers\/wp-content\/uploads\/sites\/6\/2025\/01\/DSC_6756-1024x633.jpg 1024w, https:\/\/hortensfestivalen.no\/buffalosoldiers\/wp-content\/uploads\/sites\/6\/2025\/01\/DSC_6756-300x185.jpg 300w, https:\/\/hortensfestivalen.no\/buffalosoldiers\/wp-content\/uploads\/sites\/6\/2025\/01\/DSC_6756-768x475.jpg 768w, https:\/\/hortensfestivalen.no\/buffalosoldiers\/wp-content\/uploads\/sites\/6\/2025\/01\/DSC_6756-1536x949.jpg 1536w, https:\/\/hortensfestivalen.no\/buffalosoldiers\/wp-content\/uploads\/sites\/6\/2025\/01\/DSC_6756.jpg 2000w\" sizes=\"auto, (max-width: 1024px) 100vw, 1024px\" \/><figcaption class=\"wp-element-caption\">KOR: Er det Marley, s\u00e5 er det kor. Og det er det, Helge Skatvedt, Raymond Johnsen og Anita Solvik ordner p\u00e5 en aldeles utmerket m\u00e5te.&nbsp;Foto: Bj\u00f8rn Nilsen<\/figcaption><\/figure>\n\n\n\n<h2 class=\"wp-block-heading\">Knyttet til Hortensfestivalene<\/h2>\n\n\n\n<p><em>Flere av musikerne i Buffalo Soldiers har sterke b\u00e5nd til legendariske Hortensfestivalen. Neste sommer er det da ogs\u00e5 50 \u00e5r siden f\u00f8rste f\u00f8rste utgave, det skjedde l\u00f8rdag 5. juli 1975.<\/em><\/p>\n\n\n\n<p><strong>\u2013 <em>Det blir en viktig greie for oss. Vi m\u00e5 s\u00f8rge for at Horten holder stillingen som en betydningsfull festivalby \u2013 og ikke minst gj\u00f8re dagens ungdom bedre kjent med Marley, Peps, og Peter Tosh. Dette er v\u00e5r m\u00e5te \u00e5 \u00abmisjonere\u00bb p\u00e5, sier Faanes.<\/em><\/strong><\/p>\n\n\n\n<p><em>Det 10-mann sterke bandet best\u00e5r av Wictor Leonard Faanes (gitar), Knut Eide (vokal \/ gitar), Kaare Johan Holm (trommer), Espen Harbek (bass), Helge Preus (tangenter), Anita Solvik (kor), Helge Skatvedt (kor), Raymond Johnsen (kor), Trond M. Bjertnes (saksofon) og Ole Morten Ruud (tangenter \/ kor).<\/em><\/p>\n\n\n\n<p class=\"has-ysabeau-office-font-family has-x-large-font-size\"><br><br><strong>Hortensfestivalene<\/strong><\/p>\n\n\n\n<p class=\"has-ysabeau-office-font-family has-large-font-size\"><strong>Hortensfestivalene&nbsp;<\/strong>ble arrangert fra 1975 til 1981, og har siden blitt gjenopptatt i mindre skala fra 1992\u20132010.<\/p>\n\n\n\n<p class=\"has-ysabeau-office-font-family has-large-font-size\"><strong>Den f\u00f8rste festivalen<\/strong>&nbsp;i Lystlunden hadde rundt 2.000 betalende bes\u00f8kende, med artister som Popol Ace og Ole Paus.<\/p>\n\n\n\n<p class=\"has-ysabeau-office-font-family has-large-font-size\"><strong>Hortenfestivalen<\/strong>&nbsp;opplevde sitt st\u00f8rste \u00f8yeblikk i 1978 med Bob Marley &amp; The Wailers, verdens kanskje mest kjente og mest betydningsfulle band den gangen. Nesten 15.000 tilskuere s\u00e5 konserten live i regnv\u00e6ret.<\/p>\n\n\n\n<p class=\"has-ysabeau-office-font-family has-large-font-size\"><strong>Festivalen ble kjent f<\/strong>or \u00e5 inkludere b\u00e5de norske og internasjonale artister, som Janne Schaffer, Rory Gallagher, Jeff Beck, og Peter Tosh.<\/p>\n\n\n\n<p class=\"has-ysabeau-office-font-family has-large-font-size\"><strong>Horten samarbeidet<\/strong>&nbsp;med andre store festivaler som Roskilde Festival og Pink Pop Festivalen i Utrecht, Nederland, og var s\u00e5nn sett en viktig del av den norske rockehistorien.<\/p>\n\n\n\n<p class=\"has-ysabeau-office-font-family has-large-font-size\"><strong>Hortenfenstivalen&nbsp;<\/strong>har blitt beskrevet som \u00abNordens Woodstock\u00bb, og har v\u00e6rt med p\u00e5 \u00e5 sette Norge p\u00e5 det musikalske kartet i l\u00f8pet av sin storhetstid. Dens innflytelse p\u00e5 norsk musikk og kultur er fortsatt anerkjent, og det arbeides kontinuerlig for \u00e5 bevare dens historie og betydning for kommende generasjoner.<\/p>\n\n\n\n<p class=\"has-ysabeau-office-font-family has-large-font-size\"><strong>Bak Hortensfestivalene&nbsp;<\/strong>sto Horten Musikkforum, opprettet av mange unge, lokale, flinke og entusiastiske folk. Flere av dem har senere v\u00e6rt sentrale i andre andre lokale og betydelige arrangementer til det beste for Horten, s\u00e5 som F\u00e6rderfestene, jazzklubbkvelder, julejazzen og Roserocken. Vi nevner her og n\u00e5 Arve Ringstad, Wictor Faanes, Karsten Matsen, Helge Preus, Kevin Aall, Tore Kristiansen, Bertil J\u00f8reng og Alf R. Tangen &#8211; for eksempel.<\/p>\n<\/div>\n<\/div>\n\n\n\n<p><\/p>\n","protected":false},"excerpt":{"rendered":"<p>BUFFALO SOLDIERS \u00c5PNER STRANDASCENEN P\u00c5 VERVENFESTIVALEN L\u00d8RDAG! P\u00e5 l\u00f8rdag fylles strandascenen med reggae-vibber og ekte sommerstemning n\u00e5r Buffalo Soldiers inntar scenen. Bandet har gjort det til sitt varemerke \u00e5 hylle Bob Marley, en legende som ville fylt 80 \u00e5r i 2025, og det skal feires. Bandet, som best\u00e5r av ti dyktige og dedikerte musikere fra [&hellip;]<\/p>\n","protected":false},"author":1,"featured_media":423,"parent":0,"menu_order":0,"comment_status":"closed","ping_status":"closed","template":"","meta":{"_seopress_robots_primary_cat":"","_seopress_titles_title":"","_seopress_titles_desc":"","_seopress_robots_index":"","footnotes":""},"class_list":["post-5","page","type-page","status-publish","has-post-thumbnail","hentry"],"_links":{"self":[{"href":"https:\/\/hortensfestivalen.no\/buffalosoldiers\/wp-json\/wp\/v2\/pages\/5","targetHints":{"allow":["GET"]}}],"collection":[{"href":"https:\/\/hortensfestivalen.no\/buffalosoldiers\/wp-json\/wp\/v2\/pages"}],"about":[{"href":"https:\/\/hortensfestivalen.no\/buffalosoldiers\/wp-json\/wp\/v2\/types\/page"}],"author":[{"embeddable":true,"href":"https:\/\/hortensfestivalen.no\/buffalosoldiers\/wp-json\/wp\/v2\/users\/1"}],"replies":[{"embeddable":true,"href":"https:\/\/hortensfestivalen.no\/buffalosoldiers\/wp-json\/wp\/v2\/comments?post=5"}],"version-history":[{"count":81,"href":"https:\/\/hortensfestivalen.no\/buffalosoldiers\/wp-json\/wp\/v2\/pages\/5\/revisions"}],"predecessor-version":[{"id":492,"href":"https:\/\/hortensfestivalen.no\/buffalosoldiers\/wp-json\/wp\/v2\/pages\/5\/revisions\/492"}],"wp:featuredmedia":[{"embeddable":true,"href":"https:\/\/hortensfestivalen.no\/buffalosoldiers\/wp-json\/wp\/v2\/media\/423"}],"wp:attachment":[{"href":"https:\/\/hortensfestivalen.no\/buffalosoldiers\/wp-json\/wp\/v2\/media?parent=5"}],"curies":[{"name":"wp","href":"https:\/\/api.w.org\/{rel}","templated":true}]}}