{"id":154,"date":"2025-01-12T19:09:08","date_gmt":"2025-01-12T19:09:08","guid":{"rendered":"https:\/\/hortensfestivalen.no\/buffalosoldiers\/?page_id=154"},"modified":"2025-01-24T13:16:35","modified_gmt":"2025-01-24T13:16:35","slug":"buffalo-soldiers-events-2024","status":"publish","type":"page","link":"https:\/\/hortensfestivalen.no\/buffalosoldiers\/buffalo-soldiers-events-2024\/","title":{"rendered":"Events &#8211; 2024"},"content":{"rendered":"\n<div class=\"wp-block-group alignfull is-style-section-2 has-custom-color-4-background-color has-background has-global-padding is-layout-constrained wp-block-group-is-layout-constrained is-style-section-2--1\" style=\"border-style:none;border-width:0px;border-radius:0px;margin-top:0;margin-bottom:0;padding-top:0;padding-bottom:0\">\n<div class=\"wp-block-columns alignwide is-style-default is-layout-flex wp-container-core-columns-is-layout-1 wp-block-columns-is-layout-flex\">\n<div class=\"wp-block-column is-layout-flow wp-block-column-is-layout-flow\" style=\"flex-basis:100%\">\n<figure class=\"wp-block-image aligncenter size-large\"><img loading=\"lazy\" decoding=\"async\" width=\"1024\" height=\"576\" src=\"https:\/\/hortensfestivalen.no\/buffalosoldiers\/wp-content\/uploads\/sites\/6\/2025\/01\/Buffalo-Jubilee-Band-Heading-1920-x-1080--1024x576.jpg\" alt=\"\" class=\"wp-image-270\" srcset=\"https:\/\/hortensfestivalen.no\/buffalosoldiers\/wp-content\/uploads\/sites\/6\/2025\/01\/Buffalo-Jubilee-Band-Heading-1920-x-1080--1024x576.jpg 1024w, https:\/\/hortensfestivalen.no\/buffalosoldiers\/wp-content\/uploads\/sites\/6\/2025\/01\/Buffalo-Jubilee-Band-Heading-1920-x-1080--300x169.jpg 300w, https:\/\/hortensfestivalen.no\/buffalosoldiers\/wp-content\/uploads\/sites\/6\/2025\/01\/Buffalo-Jubilee-Band-Heading-1920-x-1080--768x432.jpg 768w, https:\/\/hortensfestivalen.no\/buffalosoldiers\/wp-content\/uploads\/sites\/6\/2025\/01\/Buffalo-Jubilee-Band-Heading-1920-x-1080--1536x864.jpg 1536w, https:\/\/hortensfestivalen.no\/buffalosoldiers\/wp-content\/uploads\/sites\/6\/2025\/01\/Buffalo-Jubilee-Band-Heading-1920-x-1080-.jpg 1920w\" sizes=\"auto, (max-width: 1024px) 100vw, 1024px\" \/><\/figure>\n<\/div>\n<\/div>\n<\/div>\n\n\n\n<div class=\"wp-block-group alignfull is-style-section-2 has-contrast-background-color has-background has-global-padding is-layout-constrained wp-block-group-is-layout-constrained is-style-section-2--2\" style=\"margin-top:0;margin-bottom:0;padding-top:var(--wp--preset--spacing--60);padding-bottom:var(--wp--preset--spacing--60)\">\n<div class=\"wp-block-columns alignwide is-style-default is-layout-flex wp-container-core-columns-is-layout-2 wp-block-columns-is-layout-flex\">\n<div class=\"wp-block-column is-vertically-aligned-center is-layout-flow wp-container-core-column-is-layout-2 wp-block-column-is-layout-flow\" style=\"flex-basis:50%\">\n<h2 class=\"wp-block-heading has-base-color has-text-color has-link-color has-xx-large-font-size wp-elements-2fe680873725c71780ef767339d3a743\">BUFFALO SOLDIERS 2024<\/h2>\n\n\n\n<p class=\"has-base-color has-text-color has-link-color wp-elements-9b25f6bd9bc040144485445224baec01\">Wictor Leonard Faanes \u2013 Gitar<br>Espen \u00d8ystein Harbek \u2013 Bassgitar<br>Kaare Johan Holm \u2013 Trommer<br>Helge Preus \u2013 Keyboard<br>Bertil J\u00f8reng \u2013 Keyboards, Vokal<br>Knut Eide \u2013 Vokal, gitar<br>Trond Markvard Bjertnes \u2013 Tenor-\/Baryton Sax, Tinnfl\u00f8yte<br>Anita Solvik \u2013 Kor<br>Raymond Johnsen \u2013 Kor<br>Helge Skatvedt \u2013 Kor<\/p>\n<\/div>\n\n\n\n<div class=\"wp-block-column is-layout-flow wp-block-column-is-layout-flow\" style=\"flex-basis:50%\">\n<figure class=\"wp-block-image size-large\"><img loading=\"lazy\" decoding=\"async\" width=\"1024\" height=\"673\" src=\"https:\/\/hortensfestivalen.no\/buffalosoldiers\/wp-content\/uploads\/sites\/6\/2025\/01\/Buffalo-Soldiers-1024x673.jpg\" alt=\"\" class=\"wp-image-200\" srcset=\"https:\/\/hortensfestivalen.no\/buffalosoldiers\/wp-content\/uploads\/sites\/6\/2025\/01\/Buffalo-Soldiers-1024x673.jpg 1024w, https:\/\/hortensfestivalen.no\/buffalosoldiers\/wp-content\/uploads\/sites\/6\/2025\/01\/Buffalo-Soldiers-300x197.jpg 300w, https:\/\/hortensfestivalen.no\/buffalosoldiers\/wp-content\/uploads\/sites\/6\/2025\/01\/Buffalo-Soldiers-768x505.jpg 768w, https:\/\/hortensfestivalen.no\/buffalosoldiers\/wp-content\/uploads\/sites\/6\/2025\/01\/Buffalo-Soldiers-1536x1010.jpg 1536w, https:\/\/hortensfestivalen.no\/buffalosoldiers\/wp-content\/uploads\/sites\/6\/2025\/01\/Buffalo-Soldiers.jpg 1900w\" sizes=\"auto, (max-width: 1024px) 100vw, 1024px\" \/><\/figure>\n<\/div>\n<\/div>\n<\/div>\n\n\n\n<div class=\"wp-block-group alignfull is-style-section-5 has-background has-global-padding is-layout-constrained wp-container-core-group-is-layout-3 wp-block-group-is-layout-constrained is-style-section-5--3\" style=\"background-color:#0b4104;margin-top:0;margin-bottom:0;padding-top:var(--wp--preset--spacing--50);padding-right:var(--wp--preset--spacing--70);padding-bottom:var(--wp--preset--spacing--50);padding-left:var(--wp--preset--spacing--70)\">\n<div class=\"wp-block-columns alignwide is-style-default is-layout-flex wp-container-core-columns-is-layout-3 wp-block-columns-is-layout-flex\">\n<div class=\"wp-block-column is-vertically-aligned-center is-layout-flow wp-block-column-is-layout-flow\" style=\"flex-basis:50%\">\n<h2 class=\"wp-block-heading\"><strong>\u00d8RN \u2013 120 \u00c5R<\/strong><br>Artilleriverkstedet 4. mai<\/h2>\n\n\n\n<p>V\u00e5r f\u00f8rste spillejobb. Gikk p\u00e5 scenen rett for midnatt. <br>Mange glade bursdaggjester holdt ut leeenge.<\/p>\n\n\n\n<p class=\"has-medium-font-size\">Her er en video \u201cBuffalo Soldiers spiller Buffalo Soldier\u201d \u2013 Mette Faanes 2024<\/p>\n<\/div>\n\n\n\n<div class=\"wp-block-column is-vertically-aligned-center is-layout-flow wp-block-column-is-layout-flow\" style=\"flex-basis:50%\">\n<figure class=\"wp-block-video\"><video controls src=\"https:\/\/hortensfestivalen.no\/buffalosoldiers\/wp-content\/uploads\/sites\/6\/2025\/01\/Buffalo-Soldiers-Artilleriverkstedet-2024-Mette-Faanes-4.mov\"><\/video><figcaption class=\"wp-element-caption\">Video &#8211; Mette Faanes<\/figcaption><\/figure>\n<\/div>\n<\/div>\n<\/div>\n\n\n\n<div class=\"wp-block-group alignfull is-style-section-5 has-background has-global-padding is-layout-constrained wp-container-core-group-is-layout-4 wp-block-group-is-layout-constrained is-style-section-5--4\" style=\"background-color:#890700;margin-top:0;margin-bottom:0;padding-top:var(--wp--preset--spacing--50);padding-right:var(--wp--preset--spacing--70);padding-bottom:var(--wp--preset--spacing--50);padding-left:var(--wp--preset--spacing--70)\">\n<div class=\"wp-block-columns alignwide is-style-default is-layout-flex wp-container-core-columns-is-layout-4 wp-block-columns-is-layout-flex\">\n<div class=\"wp-block-column is-vertically-aligned-center is-layout-flow wp-block-column-is-layout-flow\" style=\"flex-basis:50%\">\n<h2 class=\"wp-block-heading\"><strong><strong>D\u00f8ra for Andre 3 \u2013 202<\/strong><\/strong><br>Kafe Knut, Horten 31. mai<\/h2>\n\n\n\n<p>V\u00e5r andre spillejobb. I bakg\u00e5rden p\u00e5 Kafe Knut i Horten. Kort sett Kl. 16:45 til 17:30.<br><br>Mange glade Mennesker. 25 grader varmt. Sol.<\/p>\n\n\n\n<p>Det blei som arrang\u00f8r Bj\u00f8rn Asbj\u00f8rn Bergseng sa:<\/p>\n\n\n\n<p class=\"has-medium-font-size\">\u00abOne good thing about music, when it hits you, you feel no pain.\u00bb- Bob Marley. Og n\u00e5r disse gutta drar igang i&nbsp;<img loading=\"lazy\" decoding=\"async\" height=\"16\" width=\"16\" src=\"https:\/\/static.xx.fbcdn.net\/images\/emoji.php\/v9\/tfe\/2\/16\/1f31e.png\" alt=\"\ud83c\udf1e\">, s\u00e5 kommer heller ikke du til \u00e5 kjenne noe smerte. Bare den gode vibben av it\u2019s allright og uansett hva det m\u00e5tte v\u00e6re, akkurat der og da, s\u00e5 kommer alt til \u00e5 ordne seg. Kom og kjenn p\u00e5 de gode vibbene sammen med Buffalo Soldier i bakg\u00e5rden p\u00e5 KNUT fredag 31.Mai kl.16.45<img loading=\"lazy\" decoding=\"async\" height=\"16\" width=\"16\" src=\"https:\/\/static.xx.fbcdn.net\/images\/emoji.php\/v9\/t9c\/2\/16\/1f64c.png\" alt=\"\ud83d\ude4c\">&nbsp;One love<img loading=\"lazy\" decoding=\"async\" height=\"16\" width=\"16\" src=\"https:\/\/static.xx.fbcdn.net\/images\/emoji.php\/v9\/t2d\/2\/16\/2665.png\" alt=\"\u2665\ufe0f\"><img loading=\"lazy\" decoding=\"async\" height=\"16\" width=\"16\" src=\"https:\/\/static.xx.fbcdn.net\/images\/emoji.php\/v9\/tb4\/2\/16\/1f49b.png\" alt=\"\ud83d\udc9b\"><img loading=\"lazy\" decoding=\"async\" height=\"16\" width=\"16\" src=\"https:\/\/static.xx.fbcdn.net\/images\/emoji.php\/v9\/t33\/2\/16\/1f49a.png\" alt=\"\ud83d\udc9a\"><\/p>\n<\/div>\n\n\n\n<div class=\"wp-block-column is-vertically-aligned-center is-layout-flow wp-block-column-is-layout-flow\" style=\"flex-basis:50%\">\n<figure class=\"wp-block-video\"><video controls src=\"https:\/\/hortensfestivalen.no\/buffalosoldiers\/wp-content\/uploads\/sites\/6\/2024\/08\/Buffalo-Soldiers-Three-Little-Birds-Dore-for-andre-31-mai-2024.mov\"><\/video><figcaption class=\"wp-element-caption\">Video &#8211; Steinar Faanes<\/figcaption><\/figure>\n<\/div>\n<\/div>\n<\/div>\n\n\n\n<div class=\"wp-block-group alignfull is-style-section-5 has-base-background-color has-background has-global-padding is-layout-constrained wp-container-core-group-is-layout-5 wp-block-group-is-layout-constrained is-style-section-5--5\" style=\"margin-top:0;margin-bottom:0;padding-top:var(--wp--preset--spacing--50);padding-right:var(--wp--preset--spacing--70);padding-bottom:var(--wp--preset--spacing--50);padding-left:var(--wp--preset--spacing--70)\">\n<div class=\"wp-block-columns alignwide are-vertically-aligned-top is-style-default is-layout-flex wp-container-core-columns-is-layout-5 wp-block-columns-is-layout-flex\">\n<div class=\"wp-block-column is-vertically-aligned-top is-layout-flow wp-block-column-is-layout-flow\" style=\"flex-basis:50%\">\n<h2 class=\"wp-block-heading has-accent-3-color has-text-color has-link-color wp-elements-b753c8e65d77d7fa81f2c2c68fcd820f\"><strong>REDNINGA \u2013 2024<\/strong><br>Horten, l\u00f8rdag 20. juli<\/h2>\n\n\n\n<p class=\"has-accent-3-color has-text-color has-link-color has-medium-font-size wp-elements-4a0c7c7613a3ce2c03a0c8d64e9597b6\">D\u00f8nn utsolgt og stormende jubel for Buffalobandet.<br>Vi spilte det meste av Bob Marleys beste samt Peps og Peter Tosh. Alf Henriksen var i storform og leverte nok en gang minner fra Hortensfestivalen 1978.<br>Et skikkelig g\u00f8yalt sett \u2013 19:30 \u2013 22:00<\/p>\n\n\n\n<p class=\"has-accent-3-color has-text-color has-link-color has-medium-font-size wp-elements-0e1321506f171e82d936062c9cc9ad03\">Vi istemmer Kaare Holms utsagn dagen derp\u00e5:<br>\u201cDu vet du kommer fra Horten, og husker Bob Marley, Peter Tosh, Peps Person fra Hortenfestivalen..<br>Det beviste \u201cdere\u201d (400 publikummere)! P\u00e5 Redninga scene ig\u00e5r. BUFFALO SOLDIERS hadde Reggae-fest p\u00e5 scenen, og hele salen var med p\u00e5 festen! N\u00e5r et fantastisk publikum, 400, st\u00e5r og synger; GET UP STAND UP, STAND UP FOR YOUR RIGHTS! gj\u00f8r det noe med en musikant p\u00e5 scenen! Tusen takk!<\/p>\n\n\n\n<p class=\"has-accent-3-color has-text-color has-link-color has-medium-font-size wp-elements-204be830b98195cd1143a8ba71a26b3c\">Sier som Peter Tosh: \u201cone day you\u2019ll be a leader of a reggae-band..&nbsp;<a href=\"https:\/\/www.facebook.com\/knut.eide.144?__cft__[0]=AZWfSKGg-kAK5WExjxm0Teca42tAO3A3cdYh1feMDT0gaLm1Le-rOJx7ikeKGZCP4crkdH6oT7ze-cUOXWyr9fLyiOkjQUDmlXvpEuv6O8QxBkOvu3pnWhYd6lvdzK4EVLCkQUuhEqWn_mc8JAStwly59hwne_0XoHhoKyfGTlNv5UX1qS4wbdJx-UJF_o4oqnxUY40lipL5queP4yflti_7FnHEjmhhzaKCvKh2gFowASH7PRl1w8hWOaktVr9PmnRR6FFoCL3-4o63inz70vYR&amp;__tn__=-]K-y-R\">Knut Eide<\/a>, du imponerte flere enn meg ig\u00e5r!<\/p>\n\n\n\n<p class=\"has-accent-3-color has-text-color has-link-color wp-elements-ad0cb7524979bd4dc8324f118b85f027\">Vil ogs\u00e5 sitere Bob Marley: THIS IS MY MESSAGE TO YOU ! : og\u201dYOU\u201d= publikum, bandet; Alf Henriksen ( med flott dikt-intro),Redningas crew,&nbsp;<a href=\"https:\/\/www.facebook.com\/torveigholm.reiten?__cft__[0]=AZWfSKGg-kAK5WExjxm0Teca42tAO3A3cdYh1feMDT0gaLm1Le-rOJx7ikeKGZCP4crkdH6oT7ze-cUOXWyr9fLyiOkjQUDmlXvpEuv6O8QxBkOvu3pnWhYd6lvdzK4EVLCkQUuhEqWn_mc8JAStwly59hwne_0XoHhoKyfGTlNv5UX1qS4wbdJx-UJF_o4oqnxUY40lipL5queP4yflti_7FnHEjmhhzaKCvKh2gFowASH7PRl1w8hWOaktVr9PmnRR6FFoCL3-4o63inz70vYR&amp;__tn__=-]K-y-R\">Torveig Holm Reiten<\/a>,Vegard Mikalsen (sound-guy) TUSEN TAKK !<\/p>\n\n\n\n<div style=\"height:11px\" aria-hidden=\"true\" class=\"wp-block-spacer\"><\/div>\n\n\n\n<figure class=\"wp-block-image size-large\"><img loading=\"lazy\" decoding=\"async\" width=\"1024\" height=\"657\" src=\"https:\/\/hortensfestivalen.no\/buffalosoldiers\/wp-content\/uploads\/sites\/6\/2024\/08\/Alf-Henriksen-Buffalo-Soldiers-1024x657.jpg\" alt=\"\" class=\"wp-image-102\" srcset=\"https:\/\/hortensfestivalen.no\/buffalosoldiers\/wp-content\/uploads\/sites\/6\/2024\/08\/Alf-Henriksen-Buffalo-Soldiers-1024x657.jpg 1024w, https:\/\/hortensfestivalen.no\/buffalosoldiers\/wp-content\/uploads\/sites\/6\/2024\/08\/Alf-Henriksen-Buffalo-Soldiers-300x193.jpg 300w, https:\/\/hortensfestivalen.no\/buffalosoldiers\/wp-content\/uploads\/sites\/6\/2024\/08\/Alf-Henriksen-Buffalo-Soldiers-768x493.jpg 768w, https:\/\/hortensfestivalen.no\/buffalosoldiers\/wp-content\/uploads\/sites\/6\/2024\/08\/Alf-Henriksen-Buffalo-Soldiers-1536x986.jpg 1536w, https:\/\/hortensfestivalen.no\/buffalosoldiers\/wp-content\/uploads\/sites\/6\/2024\/08\/Alf-Henriksen-Buffalo-Soldiers.jpg 2022w\" sizes=\"auto, (max-width: 1024px) 100vw, 1024px\" \/><\/figure>\n<\/div>\n\n\n\n<div class=\"wp-block-column is-vertically-aligned-top is-layout-flow wp-block-column-is-layout-flow\" style=\"flex-basis:50%\">\n<figure class=\"wp-block-gallery has-nested-images columns-default is-cropped wp-block-gallery-6 is-layout-flex wp-block-gallery-is-layout-flex\">\n<figure class=\"wp-block-image size-large\"><a href=\"https:\/\/hortensfestivalen.no\/buffalosoldiers\/wp-content\/uploads\/sites\/6\/2024\/08\/Buffalo-Soldiers-_-Bertil-Joreng-1.jpg\"><img loading=\"lazy\" decoding=\"async\" width=\"981\" height=\"823\" src=\"https:\/\/hortensfestivalen.no\/buffalosoldiers\/wp-content\/uploads\/sites\/6\/2024\/08\/Buffalo-Soldiers-_-Bertil-Joreng-1.jpg\" alt=\"\" class=\"wp-image-119\" srcset=\"https:\/\/hortensfestivalen.no\/buffalosoldiers\/wp-content\/uploads\/sites\/6\/2024\/08\/Buffalo-Soldiers-_-Bertil-Joreng-1.jpg 981w, https:\/\/hortensfestivalen.no\/buffalosoldiers\/wp-content\/uploads\/sites\/6\/2024\/08\/Buffalo-Soldiers-_-Bertil-Joreng-1-300x252.jpg 300w, https:\/\/hortensfestivalen.no\/buffalosoldiers\/wp-content\/uploads\/sites\/6\/2024\/08\/Buffalo-Soldiers-_-Bertil-Joreng-1-768x644.jpg 768w\" sizes=\"auto, (max-width: 981px) 100vw, 981px\" \/><\/a><figcaption class=\"wp-element-caption\">Buffalo-Soldiers-_-Bertil-J\u00f8reng<\/figcaption><\/figure>\n\n\n\n<figure class=\"wp-block-image size-large\"><a href=\"https:\/\/hortensfestivalen.no\/buffalosoldiers\/wp-content\/uploads\/sites\/6\/2024\/08\/Alf-Henriksen-Buffalo-Soldiers.jpg\"><img loading=\"lazy\" decoding=\"async\" width=\"1024\" height=\"657\" src=\"https:\/\/hortensfestivalen.no\/buffalosoldiers\/wp-content\/uploads\/sites\/6\/2024\/08\/Alf-Henriksen-Buffalo-Soldiers-1024x657.jpg\" alt=\"\" class=\"wp-image-102\" srcset=\"https:\/\/hortensfestivalen.no\/buffalosoldiers\/wp-content\/uploads\/sites\/6\/2024\/08\/Alf-Henriksen-Buffalo-Soldiers-1024x657.jpg 1024w, https:\/\/hortensfestivalen.no\/buffalosoldiers\/wp-content\/uploads\/sites\/6\/2024\/08\/Alf-Henriksen-Buffalo-Soldiers-300x193.jpg 300w, https:\/\/hortensfestivalen.no\/buffalosoldiers\/wp-content\/uploads\/sites\/6\/2024\/08\/Alf-Henriksen-Buffalo-Soldiers-768x493.jpg 768w, https:\/\/hortensfestivalen.no\/buffalosoldiers\/wp-content\/uploads\/sites\/6\/2024\/08\/Alf-Henriksen-Buffalo-Soldiers-1536x986.jpg 1536w, https:\/\/hortensfestivalen.no\/buffalosoldiers\/wp-content\/uploads\/sites\/6\/2024\/08\/Alf-Henriksen-Buffalo-Soldiers.jpg 2022w\" sizes=\"auto, (max-width: 1024px) 100vw, 1024px\" \/><\/a><\/figure>\n\n\n\n<figure class=\"wp-block-image size-large\"><a href=\"https:\/\/hortensfestivalen.no\/buffalosoldiers\/wp-content\/uploads\/sites\/6\/2024\/08\/Alf-Henriksen-2-Buffalo-Soldiers-scaled.jpg\"><img loading=\"lazy\" decoding=\"async\" width=\"1024\" height=\"884\" src=\"https:\/\/hortensfestivalen.no\/buffalosoldiers\/wp-content\/uploads\/sites\/6\/2024\/08\/Alf-Henriksen-2-Buffalo-Soldiers-1024x884.jpg\" alt=\"\" class=\"wp-image-103\" srcset=\"https:\/\/hortensfestivalen.no\/buffalosoldiers\/wp-content\/uploads\/sites\/6\/2024\/08\/Alf-Henriksen-2-Buffalo-Soldiers-1024x884.jpg 1024w, https:\/\/hortensfestivalen.no\/buffalosoldiers\/wp-content\/uploads\/sites\/6\/2024\/08\/Alf-Henriksen-2-Buffalo-Soldiers-300x259.jpg 300w, https:\/\/hortensfestivalen.no\/buffalosoldiers\/wp-content\/uploads\/sites\/6\/2024\/08\/Alf-Henriksen-2-Buffalo-Soldiers-768x663.jpg 768w, https:\/\/hortensfestivalen.no\/buffalosoldiers\/wp-content\/uploads\/sites\/6\/2024\/08\/Alf-Henriksen-2-Buffalo-Soldiers-1536x1326.jpg 1536w, https:\/\/hortensfestivalen.no\/buffalosoldiers\/wp-content\/uploads\/sites\/6\/2024\/08\/Alf-Henriksen-2-Buffalo-Soldiers-2048x1768.jpg 2048w\" sizes=\"auto, (max-width: 1024px) 100vw, 1024px\" \/><\/a><\/figure>\n\n\n\n<figure class=\"wp-block-image size-large\"><a href=\"https:\/\/hortensfestivalen.no\/buffalosoldiers\/wp-content\/uploads\/sites\/6\/2024\/08\/Buffalo-Soldiers-_-Anita-Solvik-scaled.jpg\"><img loading=\"lazy\" decoding=\"async\" width=\"1024\" height=\"576\" src=\"https:\/\/hortensfestivalen.no\/buffalosoldiers\/wp-content\/uploads\/sites\/6\/2024\/08\/Buffalo-Soldiers-_-Anita-Solvik-1024x576.jpg\" alt=\"\" class=\"wp-image-104\" srcset=\"https:\/\/hortensfestivalen.no\/buffalosoldiers\/wp-content\/uploads\/sites\/6\/2024\/08\/Buffalo-Soldiers-_-Anita-Solvik-1024x576.jpg 1024w, https:\/\/hortensfestivalen.no\/buffalosoldiers\/wp-content\/uploads\/sites\/6\/2024\/08\/Buffalo-Soldiers-_-Anita-Solvik-300x169.jpg 300w, https:\/\/hortensfestivalen.no\/buffalosoldiers\/wp-content\/uploads\/sites\/6\/2024\/08\/Buffalo-Soldiers-_-Anita-Solvik-768x432.jpg 768w, https:\/\/hortensfestivalen.no\/buffalosoldiers\/wp-content\/uploads\/sites\/6\/2024\/08\/Buffalo-Soldiers-_-Anita-Solvik-1536x864.jpg 1536w, https:\/\/hortensfestivalen.no\/buffalosoldiers\/wp-content\/uploads\/sites\/6\/2024\/08\/Buffalo-Soldiers-_-Anita-Solvik-2048x1152.jpg 2048w\" sizes=\"auto, (max-width: 1024px) 100vw, 1024px\" \/><\/a><\/figure>\n\n\n\n<figure class=\"wp-block-image size-large\"><a href=\"https:\/\/hortensfestivalen.no\/buffalosoldiers\/wp-content\/uploads\/sites\/6\/2024\/08\/Buffalo-Soldiers-_-Helge-Preus-scaled.jpg\"><img loading=\"lazy\" decoding=\"async\" width=\"1024\" height=\"576\" src=\"https:\/\/hortensfestivalen.no\/buffalosoldiers\/wp-content\/uploads\/sites\/6\/2024\/08\/Buffalo-Soldiers-_-Helge-Preus-1024x576.jpg\" alt=\"\" class=\"wp-image-106\" srcset=\"https:\/\/hortensfestivalen.no\/buffalosoldiers\/wp-content\/uploads\/sites\/6\/2024\/08\/Buffalo-Soldiers-_-Helge-Preus-1024x576.jpg 1024w, https:\/\/hortensfestivalen.no\/buffalosoldiers\/wp-content\/uploads\/sites\/6\/2024\/08\/Buffalo-Soldiers-_-Helge-Preus-300x169.jpg 300w, https:\/\/hortensfestivalen.no\/buffalosoldiers\/wp-content\/uploads\/sites\/6\/2024\/08\/Buffalo-Soldiers-_-Helge-Preus-768x432.jpg 768w, https:\/\/hortensfestivalen.no\/buffalosoldiers\/wp-content\/uploads\/sites\/6\/2024\/08\/Buffalo-Soldiers-_-Helge-Preus-1536x864.jpg 1536w, https:\/\/hortensfestivalen.no\/buffalosoldiers\/wp-content\/uploads\/sites\/6\/2024\/08\/Buffalo-Soldiers-_-Helge-Preus-2048x1152.jpg 2048w\" sizes=\"auto, (max-width: 1024px) 100vw, 1024px\" \/><\/a><\/figure>\n\n\n\n<figure class=\"wp-block-image size-large\"><a href=\"https:\/\/hortensfestivalen.no\/buffalosoldiers\/wp-content\/uploads\/sites\/6\/2024\/08\/Buffalo-Soldiers-_-Helge-Skatvedt-2-scaled.jpg\"><img loading=\"lazy\" decoding=\"async\" width=\"1024\" height=\"576\" src=\"https:\/\/hortensfestivalen.no\/buffalosoldiers\/wp-content\/uploads\/sites\/6\/2024\/08\/Buffalo-Soldiers-_-Helge-Skatvedt-2-1024x576.jpg\" alt=\"\" class=\"wp-image-107\" srcset=\"https:\/\/hortensfestivalen.no\/buffalosoldiers\/wp-content\/uploads\/sites\/6\/2024\/08\/Buffalo-Soldiers-_-Helge-Skatvedt-2-1024x576.jpg 1024w, https:\/\/hortensfestivalen.no\/buffalosoldiers\/wp-content\/uploads\/sites\/6\/2024\/08\/Buffalo-Soldiers-_-Helge-Skatvedt-2-300x169.jpg 300w, https:\/\/hortensfestivalen.no\/buffalosoldiers\/wp-content\/uploads\/sites\/6\/2024\/08\/Buffalo-Soldiers-_-Helge-Skatvedt-2-768x432.jpg 768w, https:\/\/hortensfestivalen.no\/buffalosoldiers\/wp-content\/uploads\/sites\/6\/2024\/08\/Buffalo-Soldiers-_-Helge-Skatvedt-2-1536x864.jpg 1536w, https:\/\/hortensfestivalen.no\/buffalosoldiers\/wp-content\/uploads\/sites\/6\/2024\/08\/Buffalo-Soldiers-_-Helge-Skatvedt-2-2048x1152.jpg 2048w\" sizes=\"auto, (max-width: 1024px) 100vw, 1024px\" \/><\/a><\/figure>\n\n\n\n<figure class=\"wp-block-image size-large\"><a href=\"https:\/\/hortensfestivalen.no\/buffalosoldiers\/wp-content\/uploads\/sites\/6\/2024\/08\/Buffalo-Soldiers-_-Helge-Skatvedt-og-Raymond-Johnsen-scaled.jpg\"><img loading=\"lazy\" decoding=\"async\" width=\"1024\" height=\"576\" src=\"https:\/\/hortensfestivalen.no\/buffalosoldiers\/wp-content\/uploads\/sites\/6\/2024\/08\/Buffalo-Soldiers-_-Helge-Skatvedt-og-Raymond-Johnsen-1024x576.jpg\" alt=\"\" class=\"wp-image-108\" srcset=\"https:\/\/hortensfestivalen.no\/buffalosoldiers\/wp-content\/uploads\/sites\/6\/2024\/08\/Buffalo-Soldiers-_-Helge-Skatvedt-og-Raymond-Johnsen-1024x576.jpg 1024w, https:\/\/hortensfestivalen.no\/buffalosoldiers\/wp-content\/uploads\/sites\/6\/2024\/08\/Buffalo-Soldiers-_-Helge-Skatvedt-og-Raymond-Johnsen-300x169.jpg 300w, https:\/\/hortensfestivalen.no\/buffalosoldiers\/wp-content\/uploads\/sites\/6\/2024\/08\/Buffalo-Soldiers-_-Helge-Skatvedt-og-Raymond-Johnsen-768x432.jpg 768w, https:\/\/hortensfestivalen.no\/buffalosoldiers\/wp-content\/uploads\/sites\/6\/2024\/08\/Buffalo-Soldiers-_-Helge-Skatvedt-og-Raymond-Johnsen-1536x864.jpg 1536w, https:\/\/hortensfestivalen.no\/buffalosoldiers\/wp-content\/uploads\/sites\/6\/2024\/08\/Buffalo-Soldiers-_-Helge-Skatvedt-og-Raymond-Johnsen-2048x1152.jpg 2048w\" sizes=\"auto, (max-width: 1024px) 100vw, 1024px\" \/><\/a><\/figure>\n\n\n\n<figure class=\"wp-block-image size-large\"><a href=\"https:\/\/hortensfestivalen.no\/buffalosoldiers\/wp-content\/uploads\/sites\/6\/2024\/08\/Buffalo-Soldiers-_-Helge-Skatvedt-scaled.jpg\"><img loading=\"lazy\" decoding=\"async\" width=\"1024\" height=\"576\" src=\"https:\/\/hortensfestivalen.no\/buffalosoldiers\/wp-content\/uploads\/sites\/6\/2024\/08\/Buffalo-Soldiers-_-Helge-Skatvedt-1024x576.jpg\" alt=\"\" class=\"wp-image-109\" srcset=\"https:\/\/hortensfestivalen.no\/buffalosoldiers\/wp-content\/uploads\/sites\/6\/2024\/08\/Buffalo-Soldiers-_-Helge-Skatvedt-1024x576.jpg 1024w, https:\/\/hortensfestivalen.no\/buffalosoldiers\/wp-content\/uploads\/sites\/6\/2024\/08\/Buffalo-Soldiers-_-Helge-Skatvedt-300x169.jpg 300w, https:\/\/hortensfestivalen.no\/buffalosoldiers\/wp-content\/uploads\/sites\/6\/2024\/08\/Buffalo-Soldiers-_-Helge-Skatvedt-768x432.jpg 768w, https:\/\/hortensfestivalen.no\/buffalosoldiers\/wp-content\/uploads\/sites\/6\/2024\/08\/Buffalo-Soldiers-_-Helge-Skatvedt-1536x864.jpg 1536w, https:\/\/hortensfestivalen.no\/buffalosoldiers\/wp-content\/uploads\/sites\/6\/2024\/08\/Buffalo-Soldiers-_-Helge-Skatvedt-2048x1152.jpg 2048w\" sizes=\"auto, (max-width: 1024px) 100vw, 1024px\" \/><\/a><\/figure>\n\n\n\n<figure class=\"wp-block-image size-large\"><a href=\"https:\/\/hortensfestivalen.no\/buffalosoldiers\/wp-content\/uploads\/sites\/6\/2024\/08\/Buffalo-Soldiers-_-Kaare-Holm.jpg\"><img loading=\"lazy\" decoding=\"async\" width=\"889\" height=\"1023\" src=\"https:\/\/hortensfestivalen.no\/buffalosoldiers\/wp-content\/uploads\/sites\/6\/2024\/08\/Buffalo-Soldiers-_-Kaare-Holm.jpg\" alt=\"\" class=\"wp-image-110\" srcset=\"https:\/\/hortensfestivalen.no\/buffalosoldiers\/wp-content\/uploads\/sites\/6\/2024\/08\/Buffalo-Soldiers-_-Kaare-Holm.jpg 889w, https:\/\/hortensfestivalen.no\/buffalosoldiers\/wp-content\/uploads\/sites\/6\/2024\/08\/Buffalo-Soldiers-_-Kaare-Holm-261x300.jpg 261w, https:\/\/hortensfestivalen.no\/buffalosoldiers\/wp-content\/uploads\/sites\/6\/2024\/08\/Buffalo-Soldiers-_-Kaare-Holm-768x884.jpg 768w\" sizes=\"auto, (max-width: 889px) 100vw, 889px\" \/><\/a><\/figure>\n\n\n\n<figure class=\"wp-block-image size-large\"><a href=\"https:\/\/hortensfestivalen.no\/buffalosoldiers\/wp-content\/uploads\/sites\/6\/2024\/08\/Buffalo-Soldiers-Kaare-Holm-Wictor-Faanes-Trond-Markvard-Bjertnes-scaled.jpg\"><img loading=\"lazy\" decoding=\"async\" width=\"1024\" height=\"576\" src=\"https:\/\/hortensfestivalen.no\/buffalosoldiers\/wp-content\/uploads\/sites\/6\/2024\/08\/Buffalo-Soldiers-Kaare-Holm-Wictor-Faanes-Trond-Markvard-Bjertnes-1024x576.jpg\" alt=\"\" class=\"wp-image-117\" srcset=\"https:\/\/hortensfestivalen.no\/buffalosoldiers\/wp-content\/uploads\/sites\/6\/2024\/08\/Buffalo-Soldiers-Kaare-Holm-Wictor-Faanes-Trond-Markvard-Bjertnes-1024x576.jpg 1024w, https:\/\/hortensfestivalen.no\/buffalosoldiers\/wp-content\/uploads\/sites\/6\/2024\/08\/Buffalo-Soldiers-Kaare-Holm-Wictor-Faanes-Trond-Markvard-Bjertnes-300x169.jpg 300w, https:\/\/hortensfestivalen.no\/buffalosoldiers\/wp-content\/uploads\/sites\/6\/2024\/08\/Buffalo-Soldiers-Kaare-Holm-Wictor-Faanes-Trond-Markvard-Bjertnes-768x432.jpg 768w, https:\/\/hortensfestivalen.no\/buffalosoldiers\/wp-content\/uploads\/sites\/6\/2024\/08\/Buffalo-Soldiers-Kaare-Holm-Wictor-Faanes-Trond-Markvard-Bjertnes-1536x864.jpg 1536w, https:\/\/hortensfestivalen.no\/buffalosoldiers\/wp-content\/uploads\/sites\/6\/2024\/08\/Buffalo-Soldiers-Kaare-Holm-Wictor-Faanes-Trond-Markvard-Bjertnes-2048x1152.jpg 2048w\" sizes=\"auto, (max-width: 1024px) 100vw, 1024px\" \/><\/a><\/figure>\n\n\n\n<figure class=\"wp-block-image size-large\"><a href=\"https:\/\/hortensfestivalen.no\/buffalosoldiers\/wp-content\/uploads\/sites\/6\/2024\/08\/Buffalo-Soldiers-_-Knut-Eide-Helge-Skatvedt-Raymond-Johnsen-Anita-Solvik-scaled.jpg\"><img loading=\"lazy\" decoding=\"async\" width=\"1024\" height=\"402\" src=\"https:\/\/hortensfestivalen.no\/buffalosoldiers\/wp-content\/uploads\/sites\/6\/2024\/08\/Buffalo-Soldiers-_-Knut-Eide-Helge-Skatvedt-Raymond-Johnsen-Anita-Solvik-1024x402.jpg\" alt=\"\" class=\"wp-image-111\" srcset=\"https:\/\/hortensfestivalen.no\/buffalosoldiers\/wp-content\/uploads\/sites\/6\/2024\/08\/Buffalo-Soldiers-_-Knut-Eide-Helge-Skatvedt-Raymond-Johnsen-Anita-Solvik-1024x402.jpg 1024w, https:\/\/hortensfestivalen.no\/buffalosoldiers\/wp-content\/uploads\/sites\/6\/2024\/08\/Buffalo-Soldiers-_-Knut-Eide-Helge-Skatvedt-Raymond-Johnsen-Anita-Solvik-300x118.jpg 300w, https:\/\/hortensfestivalen.no\/buffalosoldiers\/wp-content\/uploads\/sites\/6\/2024\/08\/Buffalo-Soldiers-_-Knut-Eide-Helge-Skatvedt-Raymond-Johnsen-Anita-Solvik-768x302.jpg 768w, https:\/\/hortensfestivalen.no\/buffalosoldiers\/wp-content\/uploads\/sites\/6\/2024\/08\/Buffalo-Soldiers-_-Knut-Eide-Helge-Skatvedt-Raymond-Johnsen-Anita-Solvik-1536x603.jpg 1536w, https:\/\/hortensfestivalen.no\/buffalosoldiers\/wp-content\/uploads\/sites\/6\/2024\/08\/Buffalo-Soldiers-_-Knut-Eide-Helge-Skatvedt-Raymond-Johnsen-Anita-Solvik-2048x804.jpg 2048w\" sizes=\"auto, (max-width: 1024px) 100vw, 1024px\" \/><\/a><\/figure>\n\n\n\n<figure class=\"wp-block-image size-large\"><a href=\"https:\/\/hortensfestivalen.no\/buffalosoldiers\/wp-content\/uploads\/sites\/6\/2024\/08\/Buffalo-Soldiers-_-Wictor-Faanes-scaled.jpg\"><img loading=\"lazy\" decoding=\"async\" width=\"1024\" height=\"576\" src=\"https:\/\/hortensfestivalen.no\/buffalosoldiers\/wp-content\/uploads\/sites\/6\/2024\/08\/Buffalo-Soldiers-_-Wictor-Faanes-1024x576.jpg\" alt=\"\" class=\"wp-image-116\" srcset=\"https:\/\/hortensfestivalen.no\/buffalosoldiers\/wp-content\/uploads\/sites\/6\/2024\/08\/Buffalo-Soldiers-_-Wictor-Faanes-1024x576.jpg 1024w, https:\/\/hortensfestivalen.no\/buffalosoldiers\/wp-content\/uploads\/sites\/6\/2024\/08\/Buffalo-Soldiers-_-Wictor-Faanes-300x169.jpg 300w, https:\/\/hortensfestivalen.no\/buffalosoldiers\/wp-content\/uploads\/sites\/6\/2024\/08\/Buffalo-Soldiers-_-Wictor-Faanes-768x432.jpg 768w, https:\/\/hortensfestivalen.no\/buffalosoldiers\/wp-content\/uploads\/sites\/6\/2024\/08\/Buffalo-Soldiers-_-Wictor-Faanes-1536x863.jpg 1536w, https:\/\/hortensfestivalen.no\/buffalosoldiers\/wp-content\/uploads\/sites\/6\/2024\/08\/Buffalo-Soldiers-_-Wictor-Faanes-2048x1151.jpg 2048w\" sizes=\"auto, (max-width: 1024px) 100vw, 1024px\" \/><\/a><\/figure>\n\n\n\n<figure class=\"wp-block-image size-large\"><a href=\"https:\/\/hortensfestivalen.no\/buffalosoldiers\/wp-content\/uploads\/sites\/6\/2024\/08\/Buffalo-Soldiers-_-Knut-Eide-2-scaled.jpg\"><img loading=\"lazy\" decoding=\"async\" width=\"1024\" height=\"576\" src=\"https:\/\/hortensfestivalen.no\/buffalosoldiers\/wp-content\/uploads\/sites\/6\/2024\/08\/Buffalo-Soldiers-_-Knut-Eide-2-1024x576.jpg\" alt=\"\" class=\"wp-image-112\" srcset=\"https:\/\/hortensfestivalen.no\/buffalosoldiers\/wp-content\/uploads\/sites\/6\/2024\/08\/Buffalo-Soldiers-_-Knut-Eide-2-1024x576.jpg 1024w, https:\/\/hortensfestivalen.no\/buffalosoldiers\/wp-content\/uploads\/sites\/6\/2024\/08\/Buffalo-Soldiers-_-Knut-Eide-2-300x169.jpg 300w, https:\/\/hortensfestivalen.no\/buffalosoldiers\/wp-content\/uploads\/sites\/6\/2024\/08\/Buffalo-Soldiers-_-Knut-Eide-2-768x432.jpg 768w, https:\/\/hortensfestivalen.no\/buffalosoldiers\/wp-content\/uploads\/sites\/6\/2024\/08\/Buffalo-Soldiers-_-Knut-Eide-2-1536x864.jpg 1536w, https:\/\/hortensfestivalen.no\/buffalosoldiers\/wp-content\/uploads\/sites\/6\/2024\/08\/Buffalo-Soldiers-_-Knut-Eide-2-2048x1152.jpg 2048w\" sizes=\"auto, (max-width: 1024px) 100vw, 1024px\" \/><\/a><\/figure>\n\n\n\n<figure class=\"wp-block-image size-large\"><a href=\"https:\/\/hortensfestivalen.no\/buffalosoldiers\/wp-content\/uploads\/sites\/6\/2024\/08\/Buffalo-Soldiers-_-Knut-Eide-scaled.jpg\"><img loading=\"lazy\" decoding=\"async\" width=\"1024\" height=\"576\" src=\"https:\/\/hortensfestivalen.no\/buffalosoldiers\/wp-content\/uploads\/sites\/6\/2024\/08\/Buffalo-Soldiers-_-Knut-Eide-1024x576.jpg\" alt=\"\" class=\"wp-image-113\" srcset=\"https:\/\/hortensfestivalen.no\/buffalosoldiers\/wp-content\/uploads\/sites\/6\/2024\/08\/Buffalo-Soldiers-_-Knut-Eide-1024x576.jpg 1024w, https:\/\/hortensfestivalen.no\/buffalosoldiers\/wp-content\/uploads\/sites\/6\/2024\/08\/Buffalo-Soldiers-_-Knut-Eide-300x169.jpg 300w, https:\/\/hortensfestivalen.no\/buffalosoldiers\/wp-content\/uploads\/sites\/6\/2024\/08\/Buffalo-Soldiers-_-Knut-Eide-768x432.jpg 768w, https:\/\/hortensfestivalen.no\/buffalosoldiers\/wp-content\/uploads\/sites\/6\/2024\/08\/Buffalo-Soldiers-_-Knut-Eide-1536x864.jpg 1536w, https:\/\/hortensfestivalen.no\/buffalosoldiers\/wp-content\/uploads\/sites\/6\/2024\/08\/Buffalo-Soldiers-_-Knut-Eide-2048x1152.jpg 2048w\" sizes=\"auto, (max-width: 1024px) 100vw, 1024px\" \/><\/a><\/figure>\n\n\n\n<figure class=\"wp-block-image size-large\"><a href=\"https:\/\/hortensfestivalen.no\/buffalosoldiers\/wp-content\/uploads\/sites\/6\/2024\/08\/Buffalo-Soldiers-_-Trond-Markvard-Bjertnes-scaled.jpg\"><img loading=\"lazy\" decoding=\"async\" width=\"1024\" height=\"840\" src=\"https:\/\/hortensfestivalen.no\/buffalosoldiers\/wp-content\/uploads\/sites\/6\/2024\/08\/Buffalo-Soldiers-_-Trond-Markvard-Bjertnes-1024x840.jpg\" alt=\"\" class=\"wp-image-115\" srcset=\"https:\/\/hortensfestivalen.no\/buffalosoldiers\/wp-content\/uploads\/sites\/6\/2024\/08\/Buffalo-Soldiers-_-Trond-Markvard-Bjertnes-1024x840.jpg 1024w, https:\/\/hortensfestivalen.no\/buffalosoldiers\/wp-content\/uploads\/sites\/6\/2024\/08\/Buffalo-Soldiers-_-Trond-Markvard-Bjertnes-300x246.jpg 300w, https:\/\/hortensfestivalen.no\/buffalosoldiers\/wp-content\/uploads\/sites\/6\/2024\/08\/Buffalo-Soldiers-_-Trond-Markvard-Bjertnes-768x630.jpg 768w, https:\/\/hortensfestivalen.no\/buffalosoldiers\/wp-content\/uploads\/sites\/6\/2024\/08\/Buffalo-Soldiers-_-Trond-Markvard-Bjertnes-1536x1260.jpg 1536w, https:\/\/hortensfestivalen.no\/buffalosoldiers\/wp-content\/uploads\/sites\/6\/2024\/08\/Buffalo-Soldiers-_-Trond-Markvard-Bjertnes-2048x1680.jpg 2048w\" sizes=\"auto, (max-width: 1024px) 100vw, 1024px\" \/><\/a><\/figure>\n\n\n\n<figure class=\"wp-block-image size-large\"><a href=\"https:\/\/hortensfestivalen.no\/buffalosoldiers\/wp-content\/uploads\/sites\/6\/2024\/08\/Buffalo-Soldiers-_-Raymond-Johnsen-scaled.jpg\"><img loading=\"lazy\" decoding=\"async\" width=\"1024\" height=\"576\" src=\"https:\/\/hortensfestivalen.no\/buffalosoldiers\/wp-content\/uploads\/sites\/6\/2024\/08\/Buffalo-Soldiers-_-Raymond-Johnsen-1024x576.jpg\" alt=\"\" class=\"wp-image-114\" srcset=\"https:\/\/hortensfestivalen.no\/buffalosoldiers\/wp-content\/uploads\/sites\/6\/2024\/08\/Buffalo-Soldiers-_-Raymond-Johnsen-1024x576.jpg 1024w, https:\/\/hortensfestivalen.no\/buffalosoldiers\/wp-content\/uploads\/sites\/6\/2024\/08\/Buffalo-Soldiers-_-Raymond-Johnsen-300x169.jpg 300w, https:\/\/hortensfestivalen.no\/buffalosoldiers\/wp-content\/uploads\/sites\/6\/2024\/08\/Buffalo-Soldiers-_-Raymond-Johnsen-768x432.jpg 768w, https:\/\/hortensfestivalen.no\/buffalosoldiers\/wp-content\/uploads\/sites\/6\/2024\/08\/Buffalo-Soldiers-_-Raymond-Johnsen-1536x864.jpg 1536w, https:\/\/hortensfestivalen.no\/buffalosoldiers\/wp-content\/uploads\/sites\/6\/2024\/08\/Buffalo-Soldiers-_-Raymond-Johnsen-2048x1152.jpg 2048w\" sizes=\"auto, (max-width: 1024px) 100vw, 1024px\" \/><\/a><\/figure>\n<\/figure>\n<\/div>\n<\/div>\n\n\n\n<div style=\"height:41px\" aria-hidden=\"true\" class=\"wp-block-spacer\"><\/div>\n\n\n\n<div class=\"wp-block-columns alignwide is-style-section-4 has-accent-3-background-color has-background is-layout-flex wp-container-core-columns-is-layout-6 wp-block-columns-is-layout-flex is-style-section-4--7\" style=\"margin-top:0;margin-bottom:0;padding-top:var(--wp--preset--spacing--20);padding-right:var(--wp--preset--spacing--20);padding-bottom:var(--wp--preset--spacing--20);padding-left:var(--wp--preset--spacing--20)\">\n<div class=\"wp-block-column is-layout-flow wp-block-column-is-layout-flow\">\n<figure class=\"wp-block-video\"><video controls src=\"https:\/\/hortensfestivalen.no\/buffalosoldiers\/wp-content\/uploads\/sites\/6\/2024\/08\/Buffalo-Soldiers-Hyreskasern-Mette-Faanes.mov\"><\/video><figcaption class=\"wp-element-caption\">   BUFFALO SOLDIERS &#8211; REDNINGA, HORTEN 20. juli 2025 &#8211; &#8220;HYSRESKASERN&#8221; &#8211; PEPS <\/figcaption><\/figure>\n<\/div>\n<\/div>\n<\/div>\n\n\n\n<div class=\"wp-block-group alignfull is-style-section-5 has-background has-global-padding is-layout-constrained wp-container-core-group-is-layout-6 wp-block-group-is-layout-constrained is-style-section-5--8\" style=\"background-color:#0b4104;margin-top:0;margin-bottom:0;padding-top:0px;padding-right:0;padding-bottom:0px;padding-left:0\">\n<div class=\"wp-block-columns alignwide is-style-default is-layout-flex wp-container-core-columns-is-layout-7 wp-block-columns-is-layout-flex\">\n<div class=\"wp-block-column is-vertically-aligned-center is-layout-flow wp-block-column-is-layout-flow\" style=\"padding-right:var(--wp--preset--spacing--50);padding-left:var(--wp--preset--spacing--50);flex-basis:50%\">\n<h2 class=\"wp-block-heading\"><br><strong>MATFESTIVALEN Horten \u2013 2024<\/strong><br>Horten, fredag 9. August<\/h2>\n\n\n\n<p>Nok en suksess for Buffalo-Soldiers p\u00e5 Horten Matfestival<br>Vi spilte det meste av Bob Marleys beste samt Peps og Peter Tosh. Alf Henriksen var i storform og leverte nok en gang minner fra Hortensfestivalen 1978.<br>Et skikkelig g\u00f8yalt sett \u2013 18-00 \u2013 20:00<\/p>\n\n\n\n<p>Horten Mat- og Kulturfestival er en \u00e5rlig festival som har blitt arrangert siden 2016 i Horten, Vestfold. Festivalen finner sted p\u00e5 Karljohansvern, inkludert Artilleriverkstedet og kulturkvartalet, og tiltrekker seg mange tusen bes\u00f8kende hvert \u00e5r.<br>Festivalen feirer mat, kultur og lokale r\u00e5varer. Den inkluderer restauranter, foodtrucks, boder med kortreiste produkter, smakspr\u00f8ver, kurs, konkurranser, livemusikk fra flere scener, aktiviteter for barn og mye mer. Det tilbys ogs\u00e5 et stort utvalg av drikkevarer som h\u00e5ndverks\u00f8l, vin og brennevin.<\/p>\n\n\n\n<p class=\"has-medium-font-size\">Publikum helt fra Grimstad, Hokksund, Larvik, Drammen og Oslo m. fl. i lille Horten.<br>Neste \u00e5r utvider festivalen s\u00e5 enda flere kan ta turen til Horten andre helgen i august.<br><br><a href=\"https:\/\/www.facebook.com\/hortenmatfestival\">https:\/\/www.facebook.com\/hortenmatfestival<\/a><br><br><\/p>\n<\/div>\n\n\n\n<div class=\"wp-block-column is-vertically-aligned-center is-layout-flow wp-block-column-is-layout-flow\" style=\"padding-right:var(--wp--preset--spacing--30);padding-left:var(--wp--preset--spacing--30);flex-basis:50%\">\n<figure class=\"wp-block-video\"><video controls src=\"https:\/\/hortensfestivalen.no\/buffalosoldiers\/wp-content\/uploads\/sites\/6\/2025\/01\/Buffalo-Soldiers-Horten-Matfestival-2024-Mette-Faanes.mp4\"><\/video><\/figure>\n\n\n\n<div style=\"height:100px\" aria-hidden=\"true\" class=\"wp-block-spacer\"><\/div>\n\n\n\n<figure class=\"wp-block-video\"><video controls src=\"https:\/\/hortensfestivalen.no\/buffalosoldiers\/wp-content\/uploads\/sites\/6\/2025\/01\/Buffalo-Soldiers-Hyreskasern-Matfestivalen.mov\"><\/video><\/figure>\n<\/div>\n<\/div>\n<\/div>\n\n\n\n<p><\/p>\n","protected":false},"excerpt":{"rendered":"<p>BUFFALO SOLDIERS 2024 Wictor Leonard Faanes \u2013 GitarEspen \u00d8ystein Harbek \u2013 BassgitarKaare Johan Holm \u2013 TrommerHelge Preus \u2013 KeyboardBertil J\u00f8reng \u2013 Keyboards, VokalKnut Eide \u2013 Vokal, gitarTrond Markvard Bjertnes \u2013 Tenor-\/Baryton Sax, Tinnfl\u00f8yteAnita Solvik \u2013 KorRaymond Johnsen \u2013 KorHelge Skatvedt \u2013 Kor \u00d8RN \u2013 120 \u00c5RArtilleriverkstedet 4. mai V\u00e5r f\u00f8rste spillejobb. Gikk p\u00e5 scenen rett [&hellip;]<\/p>\n","protected":false},"author":1,"featured_media":0,"parent":0,"menu_order":0,"comment_status":"closed","ping_status":"closed","template":"","meta":{"_seopress_robots_primary_cat":"","_seopress_titles_title":"","_seopress_titles_desc":"","_seopress_robots_index":"","footnotes":""},"class_list":["post-154","page","type-page","status-publish","hentry"],"_links":{"self":[{"href":"https:\/\/hortensfestivalen.no\/buffalosoldiers\/wp-json\/wp\/v2\/pages\/154","targetHints":{"allow":["GET"]}}],"collection":[{"href":"https:\/\/hortensfestivalen.no\/buffalosoldiers\/wp-json\/wp\/v2\/pages"}],"about":[{"href":"https:\/\/hortensfestivalen.no\/buffalosoldiers\/wp-json\/wp\/v2\/types\/page"}],"author":[{"embeddable":true,"href":"https:\/\/hortensfestivalen.no\/buffalosoldiers\/wp-json\/wp\/v2\/users\/1"}],"replies":[{"embeddable":true,"href":"https:\/\/hortensfestivalen.no\/buffalosoldiers\/wp-json\/wp\/v2\/comments?post=154"}],"version-history":[{"count":49,"href":"https:\/\/hortensfestivalen.no\/buffalosoldiers\/wp-json\/wp\/v2\/pages\/154\/revisions"}],"predecessor-version":[{"id":507,"href":"https:\/\/hortensfestivalen.no\/buffalosoldiers\/wp-json\/wp\/v2\/pages\/154\/revisions\/507"}],"wp:attachment":[{"href":"https:\/\/hortensfestivalen.no\/buffalosoldiers\/wp-json\/wp\/v2\/media?parent=154"}],"curies":[{"name":"wp","href":"https:\/\/api.w.org\/{rel}","templated":true}]}}